{"id":2780,"date":"2025-05-12T13:46:17","date_gmt":"2025-05-12T16:46:17","guid":{"rendered":"https:\/\/fundacionivy.org\/news\/"},"modified":"2025-08-12T15:52:26","modified_gmt":"2025-08-12T18:52:26","slug":"news","status":"publish","type":"page","link":"https:\/\/fundacionivy.org\/en\/news\/","title":{"rendered":"News"},"content":{"rendered":"\t\t<div data-elementor-type=\"wp-page\" data-elementor-id=\"2780\" class=\"elementor elementor-2780 elementor-1448\">\n\t\t\t\t<div class=\"elementor-element elementor-element-532975f wd-section-stretch-content e-flex e-con-boxed e-con e-parent\" data-id=\"532975f\" data-element_type=\"container\" data-e-type=\"container\" data-settings=\"{&quot;background_background&quot;:&quot;classic&quot;,&quot;animation&quot;:&quot;none&quot;,&quot;shape_divider_bottom&quot;:&quot;triangle-asymmetrical&quot;}\">\n\t\t\t\t\t<div class=\"e-con-inner\">\n\t\t\t\t<div class=\"elementor-shape elementor-shape-bottom\" aria-hidden=\"true\" data-negative=\"false\">\n\t\t\t<svg xmlns=\"http:\/\/www.w3.org\/2000\/svg\" viewBox=\"0 0 1000 100\" preserveAspectRatio=\"none\">\n\t<path class=\"elementor-shape-fill\" d=\"M738,99l262-93V0H0v5.6L738,99z\"\/>\n<\/svg>\t\t<\/div>\n\t\t\t\t<div class=\"elementor-element elementor-element-2de839c elementor-widget__width-inherit elementor-invisible elementor-widget elementor-widget-heading\" data-id=\"2de839c\" data-element_type=\"widget\" data-e-type=\"widget\" data-settings=\"{&quot;_animation&quot;:&quot;fadeInLeft&quot;}\" data-widget_type=\"heading.default\">\n\t\t\t\t<div class=\"elementor-widget-container\">\n\t\t\t\t\t<h2 class=\"elementor-heading-title elementor-size-default\">News<\/h2>\t\t\t\t<\/div>\n\t\t\t\t<\/div>\n\t\t\t\t<div class=\"elementor-element elementor-element-92458da wd-width-100 elementor-invisible elementor-widget elementor-widget-wd_blog\" data-id=\"92458da\" data-element_type=\"widget\" data-e-type=\"widget\" data-settings=\"{&quot;_animation&quot;:&quot;fadeInUp&quot;}\" data-widget_type=\"wd_blog.default\">\n\t\t\t\t<div class=\"elementor-widget-container\">\n\t\t\t\t\t\t\t\t\t\t\t\t<div class=\"wd-blog-element\">\n\t\t\t\t\t<div class=\"wd-posts wd-blog-holder wd-masonry wd-grid-f-col\" id=\"69f5327d4b81f\" data-paged=\"1\" data-atts=\"{&quot;post_type&quot;:&quot;post&quot;,&quot;items_per_page&quot;:9,&quot;include&quot;:null,&quot;taxonomies&quot;:[&quot;60&quot;,&quot;61&quot;,&quot;70&quot;],&quot;offset&quot;:&quot;&quot;,&quot;orderby&quot;:&quot;&quot;,&quot;order&quot;:&quot;DESC&quot;,&quot;meta_key&quot;:null,&quot;exclude&quot;:&quot;&quot;,&quot;parts_media&quot;:true,&quot;parts_title&quot;:&quot;&quot;,&quot;parts_meta&quot;:&quot;&quot;,&quot;parts_text&quot;:&quot;1&quot;,&quot;parts_btn&quot;:&quot;1&quot;,&quot;parts_published_date&quot;:&quot;&quot;,&quot;img_size&quot;:&quot;custom&quot;,&quot;blog_design&quot;:&quot;masonry&quot;,&quot;blog_carousel_design&quot;:null,&quot;blog_columns&quot;:{&quot;unit&quot;:&quot;px&quot;,&quot;size&quot;:3,&quot;sizes&quot;:[]},&quot;blog_columns_tablet&quot;:{&quot;size&quot;:&quot;&quot;},&quot;blog_columns_mobile&quot;:{&quot;size&quot;:&quot;&quot;},&quot;blog_spacing&quot;:&quot;30&quot;,&quot;blog_spacing_tablet&quot;:&quot;20&quot;,&quot;blog_spacing_mobile&quot;:&quot;20&quot;,&quot;pagination&quot;:&quot;more-btn&quot;,&quot;speed&quot;:null,&quot;slides_per_view&quot;:null,&quot;slides_per_view_tablet&quot;:{&quot;size&quot;:&quot;&quot;},&quot;slides_per_view_mobile&quot;:{&quot;size&quot;:&quot;&quot;},&quot;wrap&quot;:null,&quot;autoplay&quot;:null,&quot;hide_pagination_control&quot;:null,&quot;hide_prev_next_buttons&quot;:null,&quot;scroll_per_page&quot;:null,&quot;lazy_loading&quot;:&quot;no&quot;,&quot;scroll_carousel_init&quot;:null,&quot;ajax_page&quot;:&quot;&quot;,&quot;custom_sizes&quot;:false,&quot;elementor&quot;:true}\" data-source=\"shortcode\" style=\"--wd-col-lg:3;--wd-col-md:3;--wd-col-sm:1;--wd-gap-lg:30px;--wd-gap-md:20px;\">\n\t\t\t\n\t\t\t\t\t\t\t\t\t\t\t\t\t\t\n<article id=\"post-3998\" class=\"wd-post blog-design-masonry blog-post-loop blog-style-bg wd-col post-3998 post type-post status-publish format-standard has-post-thumbnail hentry category-blog-en tag-featured-news tag-novedades-destacadas tag-ramon-mendez-en\">\n\t<div class=\"article-inner\">\n\t\t<header class=\"entry-header\">\n\t\t\t\t\t\t\t<figure class=\"entry-thumbnail\">\n\t\t\t\t\t\t\t\t\t\t\t<div class=\"post-img-wrapp\">\n\t\t\t\t\t\t\t<a href=\"https:\/\/fundacionivy.org\/en\/climate-breakthrough-award-2025\/\">\n\t\t\t\t\t\t\t\t<img fetchpriority=\"high\" decoding=\"async\" width=\"350\" height=\"200\" src=\"https:\/\/fundacionivy.org\/wp-content\/uploads\/2025\/09\/CBA2025-350x200.png\" class=\"attachment-350x200 size-350x200\" alt=\"Climate Breakthrough Award 2025\" \/>\t\t\t\t\t\t\t<\/a>\n\t\t\t\t\t\t<\/div>\n\t\t\t\t\t\t<div class=\"post-image-mask\">\n\t\t\t\t\t\t\t<span><\/span>\n\t\t\t\t\t\t<\/div>\n\t\t\t\t\t\t\t\t\t<\/figure>\n\t\t\t\n\t\t\t\t\t<\/header>\n\n\t\t<div class=\"article-body-container\">\n\t\t\t\n\t\t\t\n\t\t\t\n\t\t\t\t\t\t\t\t\t\t\t\t<div class=\"entry-content wd-post-desc\">\n\t\t\t\t\t\tRam\u00f3n Mendez Galain has been recognized with the Climate Breakthrough Award 2025 the highest indiv...\t\t\t\t\t<\/div>\n\t\t\t\t\n\t\t\t\t\t\t\t\t\t\t\t\t\t\t<p class=\"read-more-section\">\n\t\t\t\t\t\t<a class=\"btn-read-more more-link\" href=\"https:\/\/fundacionivy.org\/en\/climate-breakthrough-award-2025\/\">Continue reading<\/a>\t\t\t\t\t<\/p>\n\t\t\t\t\t\t\t\t\t\t\t\t\t<\/div>\n\t<\/div>\n<\/article>\n\n\t\t\t\t\t\t\t\t\t\t\t\t\t\t\n<article id=\"post-1271\" class=\"wd-post blog-design-masonry blog-post-loop blog-style-bg wd-col post-1271 post type-post status-publish format-standard has-post-thumbnail hentry category-blog-en tag-featured-news\">\n\t<div class=\"article-inner\">\n\t\t<header class=\"entry-header\">\n\t\t\t\t\t\t\t<figure class=\"entry-thumbnail\">\n\t\t\t\t\t\t\t\t\t\t\t<div class=\"post-img-wrapp\">\n\t\t\t\t\t\t\t<a href=\"https:\/\/fundacionivy.org\/en\/ivy-drives-colombias-energy-transition-to-a-sustainable-future-with-innovative-solutions-and-technical-advice\/\">\n\t\t\t\t\t\t\t\t<img decoding=\"async\" width=\"350\" height=\"200\" src=\"https:\/\/fundacionivy.org\/wp-content\/uploads\/2025\/04\/Ivy-impulsa-la-transicion-energetica-de-Colombia-hacia-un-futuro-sostenible-con-soluciones-innovadoras-y-asesoria-tecnica-350x200.png\" class=\"attachment-350x200 size-350x200\" alt=\"\" \/>\t\t\t\t\t\t\t<\/a>\n\t\t\t\t\t\t<\/div>\n\t\t\t\t\t\t<div class=\"post-image-mask\">\n\t\t\t\t\t\t\t<span><\/span>\n\t\t\t\t\t\t<\/div>\n\t\t\t\t\t\t\t\t\t<\/figure>\n\t\t\t\n\t\t\t\t\t<\/header>\n\n\t\t<div class=\"article-body-container\">\n\t\t\t\n\t\t\t\n\t\t\t\n\t\t\t\t\t\t\t\t\t\t\t\t<div class=\"entry-content wd-post-desc\">\n\t\t\t\t\t\tAt Ivy, in keeping with our commitment to accelerate Latin America's path towards a sustainable energy tr...\t\t\t\t\t<\/div>\n\t\t\t\t\n\t\t\t\t\t\t\t\t\t\t\t\t\t\t<p class=\"read-more-section\">\n\t\t\t\t\t\t<a class=\"btn-read-more more-link\" href=\"https:\/\/fundacionivy.org\/en\/ivy-drives-colombias-energy-transition-to-a-sustainable-future-with-innovative-solutions-and-technical-advice\/\">Continue reading<\/a>\t\t\t\t\t<\/p>\n\t\t\t\t\t\t\t\t\t\t\t\t\t<\/div>\n\t<\/div>\n<\/article>\n\n\t\t\t\t\t\t\t\t\t\t\t\t\t\t\n<article id=\"post-1270\" class=\"wd-post blog-design-masonry blog-post-loop blog-style-bg wd-col post-1270 post type-post status-publish format-standard has-post-thumbnail hentry category-blog-en tag-featured-news\">\n\t<div class=\"article-inner\">\n\t\t<header class=\"entry-header\">\n\t\t\t\t\t\t\t<figure class=\"entry-thumbnail\">\n\t\t\t\t\t\t\t\t\t\t\t<div class=\"post-img-wrapp\">\n\t\t\t\t\t\t\t<a href=\"https:\/\/fundacionivy.org\/en\/ivy-signs-strategic-agreement-with-argentine-chamber-of-renewable-energies\/\">\n\t\t\t\t\t\t\t\t<img decoding=\"async\" width=\"350\" height=\"200\" src=\"https:\/\/fundacionivy.org\/wp-content\/uploads\/2025\/04\/Ivy-firma-acuerdo-estrategico-con-Camara-Argentina-de-Energias-Renovables-Asociacion-IVY-350x200.jpg\" class=\"attachment-350x200 size-350x200\" alt=\"\" \/>\t\t\t\t\t\t\t<\/a>\n\t\t\t\t\t\t<\/div>\n\t\t\t\t\t\t<div class=\"post-image-mask\">\n\t\t\t\t\t\t\t<span><\/span>\n\t\t\t\t\t\t<\/div>\n\t\t\t\t\t\t\t\t\t<\/figure>\n\t\t\t\n\t\t\t\t\t<\/header>\n\n\t\t<div class=\"article-body-container\">\n\t\t\t\n\t\t\t\n\t\t\t\n\t\t\t\t\t\t\t\t\t\t\t\t<div class=\"entry-content wd-post-desc\">\n\t\t\t\t\t\tIvy is pleased to announce the signing of a Memorandum of Understanding (MoU) with the Argentine Renewabl...\t\t\t\t\t<\/div>\n\t\t\t\t\n\t\t\t\t\t\t\t\t\t\t\t\t\t\t<p class=\"read-more-section\">\n\t\t\t\t\t\t<a class=\"btn-read-more more-link\" href=\"https:\/\/fundacionivy.org\/en\/ivy-signs-strategic-agreement-with-argentine-chamber-of-renewable-energies\/\">Continue reading<\/a>\t\t\t\t\t<\/p>\n\t\t\t\t\t\t\t\t\t\t\t\t\t<\/div>\n\t<\/div>\n<\/article>\n\n\t\t\t\t\t\t\t\t\t\t\t\t\t\t\n<article id=\"post-1269\" class=\"wd-post blog-design-masonry blog-post-loop blog-style-bg wd-col post-1269 post type-post status-publish format-standard has-post-thumbnail hentry category-blog-en tag-featured-news\">\n\t<div class=\"article-inner\">\n\t\t<header class=\"entry-header\">\n\t\t\t\t\t\t\t<figure class=\"entry-thumbnail\">\n\t\t\t\t\t\t\t\t\t\t\t<div class=\"post-img-wrapp\">\n\t\t\t\t\t\t\t<a href=\"https:\/\/fundacionivy.org\/en\/ramon-mendez-takes-over-the-presidency-of-ren21-the-global-renewable-energy-network\/\">\n\t\t\t\t\t\t\t\t<img loading=\"lazy\" decoding=\"async\" width=\"350\" height=\"200\" src=\"https:\/\/fundacionivy.org\/wp-content\/uploads\/2025\/04\/Mendez3-1000x675-1-350x200.jpg\" class=\"attachment-350x200 size-350x200\" alt=\"\" \/>\t\t\t\t\t\t\t<\/a>\n\t\t\t\t\t\t<\/div>\n\t\t\t\t\t\t<div class=\"post-image-mask\">\n\t\t\t\t\t\t\t<span><\/span>\n\t\t\t\t\t\t<\/div>\n\t\t\t\t\t\t\t\t\t<\/figure>\n\t\t\t\n\t\t\t\t\t<\/header>\n\n\t\t<div class=\"article-body-container\">\n\t\t\t\n\t\t\t\n\t\t\t\n\t\t\t\t\t\t\t\t\t\t\t\t<div class=\"entry-content wd-post-desc\">\n\t\t\t\t\t\tThe leading global organization to promote Renewable Energy for the 21st Century (REN21) has announced th...\t\t\t\t\t<\/div>\n\t\t\t\t\n\t\t\t\t\t\t\t\t\t\t\t\t\t\t<p class=\"read-more-section\">\n\t\t\t\t\t\t<a class=\"btn-read-more more-link\" href=\"https:\/\/fundacionivy.org\/en\/ramon-mendez-takes-over-the-presidency-of-ren21-the-global-renewable-energy-network\/\">Continue reading<\/a>\t\t\t\t\t<\/p>\n\t\t\t\t\t\t\t\t\t\t\t\t\t<\/div>\n\t<\/div>\n<\/article>\n\n\t\t\t\t\t\t\t\t\t\t\t\t\t\t\n<article id=\"post-3088\" class=\"wd-post blog-design-masonry blog-post-loop blog-style-bg wd-col post-3088 post type-post status-publish format-standard has-post-thumbnail hentry category-news-en\">\n\t<div class=\"article-inner\">\n\t\t<header class=\"entry-header\">\n\t\t\t\t\t\t\t<figure class=\"entry-thumbnail\">\n\t\t\t\t\t\t\t\t\t\t\t<div class=\"post-img-wrapp\">\n\t\t\t\t\t\t\t<a href=\"https:\/\/fundacionivy.org\/en\/electricity-integration-key-to-ensuring-energy-security-in-the-americas\/\">\n\t\t\t\t\t\t\t\t<img loading=\"lazy\" decoding=\"async\" width=\"350\" height=\"200\" src=\"https:\/\/fundacionivy.org\/wp-content\/uploads\/2024\/04\/Alfonso-Blanc-Ivy-350x200.png\" class=\"attachment-350x200 size-350x200\" alt=\"\" \/>\t\t\t\t\t\t\t<\/a>\n\t\t\t\t\t\t<\/div>\n\t\t\t\t\t\t<div class=\"post-image-mask\">\n\t\t\t\t\t\t\t<span><\/span>\n\t\t\t\t\t\t<\/div>\n\t\t\t\t\t\t\t\t\t<\/figure>\n\t\t\t\n\t\t\t\t\t<\/header>\n\n\t\t<div class=\"article-body-container\">\n\t\t\t\n\t\t\t\n\t\t\t\n\t\t\t\t\t\t\t\t\t\t\t\t<div class=\"entry-content wd-post-desc\">\n\t\t\t\t\t\tBy Alfonso Blanco: Director of the Energy Transitions and Climate Program of the Inter-American Dialogue....\t\t\t\t\t<\/div>\n\t\t\t\t\n\t\t\t\t\t\t\t\t\t\t\t\t\t\t<p class=\"read-more-section\">\n\t\t\t\t\t\t<a class=\"btn-read-more more-link\" href=\"https:\/\/fundacionivy.org\/en\/electricity-integration-key-to-ensuring-energy-security-in-the-americas\/\">Continue reading<\/a>\t\t\t\t\t<\/p>\n\t\t\t\t\t\t\t\t\t\t\t\t\t<\/div>\n\t<\/div>\n<\/article>\n\n\t\t\t\t\t\t\t\t\t\t\t\t\t\t\n<article id=\"post-3090\" class=\"wd-post blog-design-masonry blog-post-loop blog-style-bg wd-col post-3090 post type-post status-publish format-standard has-post-thumbnail hentry category-news-en\">\n\t<div class=\"article-inner\">\n\t\t<header class=\"entry-header\">\n\t\t\t\t\t\t\t<figure class=\"entry-thumbnail\">\n\t\t\t\t\t\t\t\t\t\t\t<div class=\"post-img-wrapp\">\n\t\t\t\t\t\t\t<a href=\"https:\/\/fundacionivy.org\/en\/ivy-drives-energy-transition-in-argentina-brazil-and-chile-with-transformative-results\/\">\n\t\t\t\t\t\t\t\t<img loading=\"lazy\" decoding=\"async\" width=\"350\" height=\"200\" src=\"https:\/\/fundacionivy.org\/wp-content\/uploads\/2024\/07\/image-2-350x200.webp\" class=\"attachment-350x200 size-350x200\" alt=\"\" \/>\t\t\t\t\t\t\t<\/a>\n\t\t\t\t\t\t<\/div>\n\t\t\t\t\t\t<div class=\"post-image-mask\">\n\t\t\t\t\t\t\t<span><\/span>\n\t\t\t\t\t\t<\/div>\n\t\t\t\t\t\t\t\t\t<\/figure>\n\t\t\t\n\t\t\t\t\t<\/header>\n\n\t\t<div class=\"article-body-container\">\n\t\t\t\n\t\t\t\n\t\t\t\n\t\t\t\t\t\t\t\t\t\t\t\t<div class=\"entry-content wd-post-desc\">\n\t\t\t\t\t\tIvy is pleased to announce the successful completion of its regional project aimed at strengthening the n...\t\t\t\t\t<\/div>\n\t\t\t\t\n\t\t\t\t\t\t\t\t\t\t\t\t\t\t<p class=\"read-more-section\">\n\t\t\t\t\t\t<a class=\"btn-read-more more-link\" href=\"https:\/\/fundacionivy.org\/en\/ivy-drives-energy-transition-in-argentina-brazil-and-chile-with-transformative-results\/\">Continue reading<\/a>\t\t\t\t\t<\/p>\n\t\t\t\t\t\t\t\t\t\t\t\t\t<\/div>\n\t<\/div>\n<\/article>\n\n\t\t\t\t\t\t\t\t\t\t\t\t\t\t\n<article id=\"post-3092\" class=\"wd-post blog-design-masonry blog-post-loop blog-style-bg wd-col post-3092 post type-post status-publish format-standard has-post-thumbnail hentry category-news-en\">\n\t<div class=\"article-inner\">\n\t\t<header class=\"entry-header\">\n\t\t\t\t\t\t\t<figure class=\"entry-thumbnail\">\n\t\t\t\t\t\t\t\t\t\t\t<div class=\"post-img-wrapp\">\n\t\t\t\t\t\t\t<a href=\"https:\/\/fundacionivy.org\/en\/the-physicist-who-used-wind-to-make-uruguay-an-amazing-clean-energy-case-study\/\">\n\t\t\t\t\t\t\t\t<img loading=\"lazy\" decoding=\"async\" width=\"350\" height=\"200\" src=\"https:\/\/fundacionivy.org\/wp-content\/uploads\/2024\/07\/ramon-mendez-350x200.png\" class=\"attachment-350x200 size-350x200\" alt=\"\" \/>\t\t\t\t\t\t\t<\/a>\n\t\t\t\t\t\t<\/div>\n\t\t\t\t\t\t<div class=\"post-image-mask\">\n\t\t\t\t\t\t\t<span><\/span>\n\t\t\t\t\t\t<\/div>\n\t\t\t\t\t\t\t\t\t<\/figure>\n\t\t\t\n\t\t\t\t\t<\/header>\n\n\t\t<div class=\"article-body-container\">\n\t\t\t\n\t\t\t\n\t\t\t\n\t\t\t\t\t\t\t\t\t\t\t\t<div class=\"entry-content wd-post-desc\">\n\t\t\t\t\t\tGerardo Lissardy, BBC News Mundo\r\n\r\n\r\n\r\nJuly 25, 2024\r\n\r\n\r\n\r\n\r\nPhysicist Ram\u00f3n M\u00e9ndez was sitting in his ...\t\t\t\t\t<\/div>\n\t\t\t\t\n\t\t\t\t\t\t\t\t\t\t\t\t\t\t<p class=\"read-more-section\">\n\t\t\t\t\t\t<a class=\"btn-read-more more-link\" href=\"https:\/\/fundacionivy.org\/en\/the-physicist-who-used-wind-to-make-uruguay-an-amazing-clean-energy-case-study\/\">Continue reading<\/a>\t\t\t\t\t<\/p>\n\t\t\t\t\t\t\t\t\t\t\t\t\t<\/div>\n\t<\/div>\n<\/article>\n\n\t\t\t\t\t\t\t\t\t\t\t\t\t\t\n<article id=\"post-3094\" class=\"wd-post blog-design-masonry blog-post-loop blog-style-bg wd-col post-3094 post type-post status-publish format-standard has-post-thumbnail hentry category-news-en\">\n\t<div class=\"article-inner\">\n\t\t<header class=\"entry-header\">\n\t\t\t\t\t\t\t<figure class=\"entry-thumbnail\">\n\t\t\t\t\t\t\t\t\t\t\t<div class=\"post-img-wrapp\">\n\t\t\t\t\t\t\t<a href=\"https:\/\/fundacionivy.org\/en\/sustainable-and-inclusive-development-at-the-local-level\/\">\n\t\t\t\t\t\t\t\t<img loading=\"lazy\" decoding=\"async\" width=\"350\" height=\"200\" src=\"https:\/\/fundacionivy.org\/wp-content\/uploads\/2024\/02\/transito-y-movilidad-350x200.jpg\" class=\"attachment-350x200 size-350x200\" alt=\"\" \/>\t\t\t\t\t\t\t<\/a>\n\t\t\t\t\t\t<\/div>\n\t\t\t\t\t\t<div class=\"post-image-mask\">\n\t\t\t\t\t\t\t<span><\/span>\n\t\t\t\t\t\t<\/div>\n\t\t\t\t\t\t\t\t\t<\/figure>\n\t\t\t\n\t\t\t\t\t<\/header>\n\n\t\t<div class=\"article-body-container\">\n\t\t\t\n\t\t\t\n\t\t\t\n\t\t\t\t\t\t\t\t\t\t\t\t<div class=\"entry-content wd-post-desc\">\n\t\t\t\t\t\tThe Fundaci\u00f3n Canaria para la Modernizaci\u00f3n y Desarrollo Local (Fundaci\u00f3n Modelo) of the Canary Islands, ...\t\t\t\t\t<\/div>\n\t\t\t\t\n\t\t\t\t\t\t\t\t\t\t\t\t\t\t<p class=\"read-more-section\">\n\t\t\t\t\t\t<a class=\"btn-read-more more-link\" href=\"https:\/\/fundacionivy.org\/en\/sustainable-and-inclusive-development-at-the-local-level\/\">Continue reading<\/a>\t\t\t\t\t<\/p>\n\t\t\t\t\t\t\t\t\t\t\t\t\t<\/div>\n\t<\/div>\n<\/article>\n\n\t\t\t\t\t\t\t\t\t\t\t\t\t\t\n<article id=\"post-3096\" class=\"wd-post blog-design-masonry blog-post-loop blog-style-bg wd-col post-3096 post type-post status-publish format-standard has-post-thumbnail hentry category-news-en\">\n\t<div class=\"article-inner\">\n\t\t<header class=\"entry-header\">\n\t\t\t\t\t\t\t<figure class=\"entry-thumbnail\">\n\t\t\t\t\t\t\t\t\t\t\t<div class=\"post-img-wrapp\">\n\t\t\t\t\t\t\t<a href=\"https:\/\/fundacionivy.org\/en\/low-emission-sustainable-mobility-in-ciudad-de-la-costa\/\">\n\t\t\t\t\t\t\t\t<img loading=\"lazy\" decoding=\"async\" width=\"350\" height=\"200\" src=\"https:\/\/fundacionivy.org\/wp-content\/uploads\/2024\/02\/La-Paloma-350x200.jpg\" class=\"attachment-350x200 size-350x200\" alt=\"\" \/>\t\t\t\t\t\t\t<\/a>\n\t\t\t\t\t\t<\/div>\n\t\t\t\t\t\t<div class=\"post-image-mask\">\n\t\t\t\t\t\t\t<span><\/span>\n\t\t\t\t\t\t<\/div>\n\t\t\t\t\t\t\t\t\t<\/figure>\n\t\t\t\n\t\t\t\t\t<\/header>\n\n\t\t<div class=\"article-body-container\">\n\t\t\t\n\t\t\t\n\t\t\t\n\t\t\t\t\t\t\t\t\t\t\t\t<div class=\"entry-content wd-post-desc\">\n\t\t\t\t\t\tThe Fundaci\u00f3n Canaria para la Modernizaci\u00f3n y Desarrollo Local (Fundaci\u00f3n Modelo) of the Canary Islands, ...\t\t\t\t\t<\/div>\n\t\t\t\t\n\t\t\t\t\t\t\t\t\t\t\t\t\t\t<p class=\"read-more-section\">\n\t\t\t\t\t\t<a class=\"btn-read-more more-link\" href=\"https:\/\/fundacionivy.org\/en\/low-emission-sustainable-mobility-in-ciudad-de-la-costa\/\">Continue reading<\/a>\t\t\t\t\t<\/p>\n\t\t\t\t\t\t\t\t\t\t\t\t\t<\/div>\n\t<\/div>\n<\/article>\n\n\t\t\t\t\n\t\t\t\t\t\t\t\t<\/div>\n\t\t\t\n\t\t\t\t\t\t\t<div class=\"wd-loop-footer blog-footer\">\n\t\t\t\t\t\t\t\t\t\t\t\t\t\t\t\t\t\t\t\t\t\t\t\t\t\t\t\t\t\t\t\t\t\t\t<a href=\"#\" data-holder-id=\"69f5327d4b81f\" rel=\"nofollow noopener\" class=\"btn wd-load-more wd-blog-load-more load-on-click\"><span class=\"load-more-label\">Load more posts<\/span><\/a>\n\t\t\t\t\t\t<div class=\"btn wd-load-more wd-load-more-loader\"><span class=\"load-more-loading\">Loading...<\/span><\/div>\n\t\t\t\t\t\t\t\t\t<\/div>\n\t\t\t\t\t\t\t\t\t\t<\/div>\n\t\t\t\t\t\t\t\t\t\t<\/div>\n\t\t\t\t<\/div>\n\t\t\t\t\t<\/div>\n\t\t\t\t<\/div>\n\t\t\t\t<\/div>\n\t\t","protected":false},"excerpt":{"rendered":"<p>News Desde Ivy, manteniendo nuestro compromiso con acelerar el camino de Am\u00e9rica Latina hacia un modelo de tra&#8230; Ver noticia<\/p>\n","protected":false},"author":1,"featured_media":0,"parent":0,"menu_order":0,"comment_status":"closed","ping_status":"closed","template":"","meta":{"footnotes":""},"class_list":["post-2780","page","type-page","status-publish","hentry"],"_links":{"self":[{"href":"https:\/\/fundacionivy.org\/en\/wp-json\/wp\/v2\/pages\/2780","targetHints":{"allow":["GET"]}}],"collection":[{"href":"https:\/\/fundacionivy.org\/en\/wp-json\/wp\/v2\/pages"}],"about":[{"href":"https:\/\/fundacionivy.org\/en\/wp-json\/wp\/v2\/types\/page"}],"author":[{"embeddable":true,"href":"https:\/\/fundacionivy.org\/en\/wp-json\/wp\/v2\/users\/1"}],"replies":[{"embeddable":true,"href":"https:\/\/fundacionivy.org\/en\/wp-json\/wp\/v2\/comments?post=2780"}],"version-history":[{"count":5,"href":"https:\/\/fundacionivy.org\/en\/wp-json\/wp\/v2\/pages\/2780\/revisions"}],"predecessor-version":[{"id":3087,"href":"https:\/\/fundacionivy.org\/en\/wp-json\/wp\/v2\/pages\/2780\/revisions\/3087"}],"wp:attachment":[{"href":"https:\/\/fundacionivy.org\/en\/wp-json\/wp\/v2\/media?parent=2780"}],"curies":[{"name":"wp","href":"https:\/\/api.w.org\/{rel}","templated":true}]}}